{"id":26409,"date":"2019-03-01T11:10:28","date_gmt":"2019-03-01T10:10:28","guid":{"rendered":"https:\/\/vzkrisenevarhany.cz\/concerts\/"},"modified":"2025-10-28T08:50:51","modified_gmt":"2025-10-28T07:50:51","slug":"concerts","status":"publish","type":"page","link":"https:\/\/vzkrisenevarhany.cz\/en\/concerts\/","title":{"rendered":"Concerts"},"content":{"rendered":"\t\t<div data-elementor-type=\"wp-post\" data-elementor-id=\"26409\" class=\"elementor elementor-26409 elementor-4661\" data-elementor-post-type=\"page\">\n\t\t\t\t\t\t<section class=\"elementor-section elementor-top-section elementor-element elementor-element-dba1c90 elementor-section-boxed elementor-section-height-default elementor-section-height-default\" data-id=\"dba1c90\" data-element_type=\"section\">\n\t\t\t\t\t\t<div class=\"elementor-container elementor-column-gap-default\">\n\t\t\t\t\t<div class=\"elementor-column elementor-col-100 elementor-top-column elementor-element elementor-element-6fa99a6\" data-id=\"6fa99a6\" data-element_type=\"column\">\n\t\t\t<div class=\"elementor-widget-wrap elementor-element-populated\">\n\t\t\t\t\t\t<div class=\"elementor-element elementor-element-bdb0f23 elementor-widget elementor-widget-heading\" data-id=\"bdb0f23\" data-element_type=\"widget\" data-widget_type=\"heading.default\">\n\t\t\t\t<div class=\"elementor-widget-container\">\n\t\t\t\t\t<h2 class=\"elementor-heading-title elementor-size-default\">The 6th edition of the festival<\/h2>\t\t\t\t<\/div>\n\t\t\t\t<\/div>\n\t\t\t\t\t<\/div>\n\t\t<\/div>\n\t\t\t\t\t<\/div>\n\t\t<\/section>\n\t\t\t\t<section class=\"elementor-section elementor-top-section elementor-element elementor-element-29ef9bb elementor-section-boxed elementor-section-height-default elementor-section-height-default\" data-id=\"29ef9bb\" data-element_type=\"section\">\n\t\t\t\t\t\t<div class=\"elementor-container elementor-column-gap-default\">\n\t\t\t\t\t<div class=\"elementor-column elementor-col-100 elementor-top-column elementor-element elementor-element-ccc6a77\" data-id=\"ccc6a77\" data-element_type=\"column\">\n\t\t\t<div class=\"elementor-widget-wrap elementor-element-populated\">\n\t\t\t\t\t\t<div class=\"elementor-element elementor-element-29f5cee elementor-widget elementor-widget-heading\" data-id=\"29f5cee\" data-element_type=\"widget\" data-widget_type=\"heading.default\">\n\t\t\t\t<div class=\"elementor-widget-container\">\n\t\t\t\t\t<h1 class=\"elementor-heading-title elementor-size-default\">RESURRECTED ORGAN<\/h1>\t\t\t\t<\/div>\n\t\t\t\t<\/div>\n\t\t\t\t\t<\/div>\n\t\t<\/div>\n\t\t\t\t\t<\/div>\n\t\t<\/section>\n\t\t\t\t<section class=\"elementor-section elementor-top-section elementor-element elementor-element-d6ee6a5 elementor-section-boxed elementor-section-height-default elementor-section-height-default\" data-id=\"d6ee6a5\" data-element_type=\"section\">\n\t\t\t\t\t\t<div class=\"elementor-container elementor-column-gap-default\">\n\t\t\t\t\t<div class=\"elementor-column elementor-col-100 elementor-top-column elementor-element elementor-element-dab3d87\" data-id=\"dab3d87\" data-element_type=\"column\">\n\t\t\t<div class=\"elementor-widget-wrap elementor-element-populated\">\n\t\t\t\t\t\t<div class=\"elementor-element elementor-element-f5995df elementor-widget elementor-widget-text-editor\" data-id=\"f5995df\" data-element_type=\"widget\" data-widget_type=\"text-editor.default\">\n\t\t\t\t<div class=\"elementor-widget-container\">\n\t\t\t\t\t\t\t\t\t<p><span style=\"color: #ffffff;\">You will hear the resurrected organ at concerts where you will learn about the history of the instrument and its interesting features. If you are interested, the organist will also show you the organ in practice after the concert.   <span style=\"letter-spacing: 0.2px;\">Please accept our invitation to the following concerts:<\/span><\/span><\/p>\n\t\t\t\t\t\t\t\t<\/div>\n\t\t\t\t<\/div>\n\t\t\t\t\t<\/div>\n\t\t<\/div>\n\t\t\t\t\t<\/div>\n\t\t<\/section>\n\t\t\t\t<section class=\"elementor-section elementor-top-section elementor-element elementor-element-e1f61f0 elementor-section-boxed elementor-section-height-default elementor-section-height-default\" data-id=\"e1f61f0\" data-element_type=\"section\">\n\t\t\t\t\t\t<div class=\"elementor-container elementor-column-gap-default\">\n\t\t\t\t\t<div class=\"elementor-column elementor-col-100 elementor-top-column elementor-element elementor-element-d9068dd\" data-id=\"d9068dd\" data-element_type=\"column\">\n\t\t\t<div class=\"elementor-widget-wrap elementor-element-populated\">\n\t\t\t\t\t\t<div class=\"elementor-element elementor-element-eb19c5a elementor-widget elementor-widget-ova_events_cat\" data-id=\"eb19c5a\" data-element_type=\"widget\" data-widget_type=\"ova_events_cat.default\">\n\t\t\t\t<div class=\"elementor-widget-container\">\n\t\t\t\t\t<div class=\"archive_event type1 element  \" ><\/div>\t\t\t\t<\/div>\n\t\t\t\t<\/div>\n\t\t\t\t\t<\/div>\n\t\t<\/div>\n\t\t\t\t\t<\/div>\n\t\t<\/section>\n\t\t\t\t<\/div>\n\t\t","protected":false},"excerpt":{"rendered":"<p>The 6th edition of the festival RESURRECTED ORGAN You will hear the resurrected organ at concerts where you will learn about the history of the instrument and its interesting features. If you are interested, the organist will also show you the organ in practice after the concert. Please accept our invitation to the following concerts:<\/p>\n","protected":false},"author":1,"featured_media":0,"parent":0,"menu_order":0,"comment_status":"closed","ping_status":"closed","template":"elementor_header_footer","meta":{"footnotes":""},"class_list":["post-26409","page","type-page","status-publish","hentry"],"yoast_head":"<!-- This site is optimized with the Yoast SEO plugin v24.1 - https:\/\/yoast.com\/wordpress\/plugins\/seo\/ -->\n<title>Concerts - Vzk\u0159\u00ed\u0161en\u00e9 varhany<\/title>\n<meta name=\"robots\" content=\"index, follow, max-snippet:-1, max-image-preview:large, max-video-preview:-1\" \/>\n<link rel=\"canonical\" href=\"https:\/\/vzkrisenevarhany.cz\/en\/concerts\/\" \/>\n<meta property=\"og:locale\" content=\"en_US\" \/>\n<meta property=\"og:type\" content=\"article\" \/>\n<meta property=\"og:title\" content=\"Concerts - Vzk\u0159\u00ed\u0161en\u00e9 varhany\" \/>\n<meta property=\"og:description\" content=\"The 6th edition of the festival RESURRECTED ORGAN You will hear the resurrected organ at concerts where you will learn about the history of the instrument and its interesting features. If you are interested, the organist will also show you the organ in practice after the concert. Please accept our invitation to the following concerts:\" \/>\n<meta property=\"og:url\" content=\"https:\/\/vzkrisenevarhany.cz\/en\/concerts\/\" \/>\n<meta property=\"og:site_name\" content=\"Vzk\u0159\u00ed\u0161en\u00e9 varhany\" \/>\n<meta property=\"article:publisher\" content=\"https:\/\/www.facebook.com\/Vzk%c5%99%c3%ad%c5%a1en%c3%a9-varhany-Kr%c3%a1lov%c3%a9hradeck%c3%a9ho-kraje-120966136210698\" \/>\n<meta property=\"article:modified_time\" content=\"2025-10-28T07:50:51+00:00\" \/>\n<meta property=\"og:image\" content=\"https:\/\/vzkrisenevarhany.cz\/wp-content\/uploads\/2020\/08\/Logo-zlate.png\" \/>\n\t<meta property=\"og:image:width\" content=\"2013\" \/>\n\t<meta property=\"og:image:height\" content=\"1132\" \/>\n\t<meta property=\"og:image:type\" content=\"image\/png\" \/>\n<meta name=\"twitter:card\" content=\"summary_large_image\" \/>\n<script type=\"application\/ld+json\" class=\"yoast-schema-graph\">{\"@context\":\"https:\/\/schema.org\",\"@graph\":[{\"@type\":\"WebPage\",\"@id\":\"https:\/\/vzkrisenevarhany.cz\/en\/concerts\/\",\"url\":\"https:\/\/vzkrisenevarhany.cz\/en\/concerts\/\",\"name\":\"Concerts - Vzk\u0159\u00ed\u0161en\u00e9 varhany\",\"isPartOf\":{\"@id\":\"https:\/\/vzkrisenevarhany.cz\/en\/#website\"},\"datePublished\":\"2019-03-01T10:10:28+00:00\",\"dateModified\":\"2025-10-28T07:50:51+00:00\",\"breadcrumb\":{\"@id\":\"https:\/\/vzkrisenevarhany.cz\/en\/concerts\/#breadcrumb\"},\"inLanguage\":\"en-US\",\"potentialAction\":[{\"@type\":\"ReadAction\",\"target\":[\"https:\/\/vzkrisenevarhany.cz\/en\/concerts\/\"]}]},{\"@type\":\"BreadcrumbList\",\"@id\":\"https:\/\/vzkrisenevarhany.cz\/en\/concerts\/#breadcrumb\",\"itemListElement\":[{\"@type\":\"ListItem\",\"position\":1,\"name\":\"Home\",\"item\":\"https:\/\/vzkrisenevarhany.cz\/en\/resurrected-organ\/\"},{\"@type\":\"ListItem\",\"position\":2,\"name\":\"Concerts\"}]},{\"@type\":\"WebSite\",\"@id\":\"https:\/\/vzkrisenevarhany.cz\/en\/#website\",\"url\":\"https:\/\/vzkrisenevarhany.cz\/en\/\",\"name\":\"Vzk\u0159\u00ed\u0161en\u00e9 varhany\",\"description\":\"Ojedin\u011bl\u00fd program \u201eObnova historick\u00fdch varhan\u201c, kter\u00fd nem\u00e1 v \u010cesk\u00e9 republice obdoby.\",\"publisher\":{\"@id\":\"https:\/\/vzkrisenevarhany.cz\/en\/#organization\"},\"potentialAction\":[{\"@type\":\"SearchAction\",\"target\":{\"@type\":\"EntryPoint\",\"urlTemplate\":\"https:\/\/vzkrisenevarhany.cz\/en\/?s={search_term_string}\"},\"query-input\":{\"@type\":\"PropertyValueSpecification\",\"valueRequired\":true,\"valueName\":\"search_term_string\"}}],\"inLanguage\":\"en-US\"},{\"@type\":\"Organization\",\"@id\":\"https:\/\/vzkrisenevarhany.cz\/en\/#organization\",\"name\":\"Vzk\u0159\u00ed\u0161en\u00e9 varhany\",\"url\":\"https:\/\/vzkrisenevarhany.cz\/en\/\",\"logo\":{\"@type\":\"ImageObject\",\"inLanguage\":\"en-US\",\"@id\":\"https:\/\/vzkrisenevarhany.cz\/en\/#\/schema\/logo\/image\/\",\"url\":\"https:\/\/vzkrisenevarhany.cz\/wp-content\/uploads\/2020\/08\/logo_vzkrisene_varhany_horizontal-barevna-inverzni.png\",\"contentUrl\":\"https:\/\/vzkrisenevarhany.cz\/wp-content\/uploads\/2020\/08\/logo_vzkrisene_varhany_horizontal-barevna-inverzni.png\",\"width\":4961,\"height\":2335,\"caption\":\"Vzk\u0159\u00ed\u0161en\u00e9 varhany\"},\"image\":{\"@id\":\"https:\/\/vzkrisenevarhany.cz\/en\/#\/schema\/logo\/image\/\"},\"sameAs\":[\"https:\/\/www.facebook.com\/Vzk\u0159\u00ed\u0161en\u00e9-varhany-Kr\u00e1lov\u00e9hradeck\u00e9ho-kraje-120966136210698\",\"https:\/\/www.instagram.com\/vzkrisene_varhany\/\"]}]}<\/script>\n<!-- \/ Yoast SEO plugin. -->","yoast_head_json":{"title":"Concerts - Vzk\u0159\u00ed\u0161en\u00e9 varhany","robots":{"index":"index","follow":"follow","max-snippet":"max-snippet:-1","max-image-preview":"max-image-preview:large","max-video-preview":"max-video-preview:-1"},"canonical":"https:\/\/vzkrisenevarhany.cz\/en\/concerts\/","og_locale":"en_US","og_type":"article","og_title":"Concerts - Vzk\u0159\u00ed\u0161en\u00e9 varhany","og_description":"The 6th edition of the festival RESURRECTED ORGAN You will hear the resurrected organ at concerts where you will learn about the history of the instrument and its interesting features. If you are interested, the organist will also show you the organ in practice after the concert. Please accept our invitation to the following concerts:","og_url":"https:\/\/vzkrisenevarhany.cz\/en\/concerts\/","og_site_name":"Vzk\u0159\u00ed\u0161en\u00e9 varhany","article_publisher":"https:\/\/www.facebook.com\/Vzk%c5%99%c3%ad%c5%a1en%c3%a9-varhany-Kr%c3%a1lov%c3%a9hradeck%c3%a9ho-kraje-120966136210698","article_modified_time":"2025-10-28T07:50:51+00:00","og_image":[{"width":2013,"height":1132,"url":"https:\/\/vzkrisenevarhany.cz\/wp-content\/uploads\/2020\/08\/Logo-zlate.png","type":"image\/png"}],"twitter_card":"summary_large_image","schema":{"@context":"https:\/\/schema.org","@graph":[{"@type":"WebPage","@id":"https:\/\/vzkrisenevarhany.cz\/en\/concerts\/","url":"https:\/\/vzkrisenevarhany.cz\/en\/concerts\/","name":"Concerts - Vzk\u0159\u00ed\u0161en\u00e9 varhany","isPartOf":{"@id":"https:\/\/vzkrisenevarhany.cz\/en\/#website"},"datePublished":"2019-03-01T10:10:28+00:00","dateModified":"2025-10-28T07:50:51+00:00","breadcrumb":{"@id":"https:\/\/vzkrisenevarhany.cz\/en\/concerts\/#breadcrumb"},"inLanguage":"en-US","potentialAction":[{"@type":"ReadAction","target":["https:\/\/vzkrisenevarhany.cz\/en\/concerts\/"]}]},{"@type":"BreadcrumbList","@id":"https:\/\/vzkrisenevarhany.cz\/en\/concerts\/#breadcrumb","itemListElement":[{"@type":"ListItem","position":1,"name":"Home","item":"https:\/\/vzkrisenevarhany.cz\/en\/resurrected-organ\/"},{"@type":"ListItem","position":2,"name":"Concerts"}]},{"@type":"WebSite","@id":"https:\/\/vzkrisenevarhany.cz\/en\/#website","url":"https:\/\/vzkrisenevarhany.cz\/en\/","name":"Vzk\u0159\u00ed\u0161en\u00e9 varhany","description":"Ojedin\u011bl\u00fd program \u201eObnova historick\u00fdch varhan\u201c, kter\u00fd nem\u00e1 v \u010cesk\u00e9 republice obdoby.","publisher":{"@id":"https:\/\/vzkrisenevarhany.cz\/en\/#organization"},"potentialAction":[{"@type":"SearchAction","target":{"@type":"EntryPoint","urlTemplate":"https:\/\/vzkrisenevarhany.cz\/en\/?s={search_term_string}"},"query-input":{"@type":"PropertyValueSpecification","valueRequired":true,"valueName":"search_term_string"}}],"inLanguage":"en-US"},{"@type":"Organization","@id":"https:\/\/vzkrisenevarhany.cz\/en\/#organization","name":"Vzk\u0159\u00ed\u0161en\u00e9 varhany","url":"https:\/\/vzkrisenevarhany.cz\/en\/","logo":{"@type":"ImageObject","inLanguage":"en-US","@id":"https:\/\/vzkrisenevarhany.cz\/en\/#\/schema\/logo\/image\/","url":"https:\/\/vzkrisenevarhany.cz\/wp-content\/uploads\/2020\/08\/logo_vzkrisene_varhany_horizontal-barevna-inverzni.png","contentUrl":"https:\/\/vzkrisenevarhany.cz\/wp-content\/uploads\/2020\/08\/logo_vzkrisene_varhany_horizontal-barevna-inverzni.png","width":4961,"height":2335,"caption":"Vzk\u0159\u00ed\u0161en\u00e9 varhany"},"image":{"@id":"https:\/\/vzkrisenevarhany.cz\/en\/#\/schema\/logo\/image\/"},"sameAs":["https:\/\/www.facebook.com\/Vzk\u0159\u00ed\u0161en\u00e9-varhany-Kr\u00e1lov\u00e9hradeck\u00e9ho-kraje-120966136210698","https:\/\/www.instagram.com\/vzkrisene_varhany\/"]}]}},"_links":{"self":[{"href":"https:\/\/vzkrisenevarhany.cz\/en\/wp-json\/wp\/v2\/pages\/26409","targetHints":{"allow":["GET"]}}],"collection":[{"href":"https:\/\/vzkrisenevarhany.cz\/en\/wp-json\/wp\/v2\/pages"}],"about":[{"href":"https:\/\/vzkrisenevarhany.cz\/en\/wp-json\/wp\/v2\/types\/page"}],"author":[{"embeddable":true,"href":"https:\/\/vzkrisenevarhany.cz\/en\/wp-json\/wp\/v2\/users\/1"}],"replies":[{"embeddable":true,"href":"https:\/\/vzkrisenevarhany.cz\/en\/wp-json\/wp\/v2\/comments?post=26409"}],"version-history":[{"count":3,"href":"https:\/\/vzkrisenevarhany.cz\/en\/wp-json\/wp\/v2\/pages\/26409\/revisions"}],"predecessor-version":[{"id":31366,"href":"https:\/\/vzkrisenevarhany.cz\/en\/wp-json\/wp\/v2\/pages\/26409\/revisions\/31366"}],"wp:attachment":[{"href":"https:\/\/vzkrisenevarhany.cz\/en\/wp-json\/wp\/v2\/media?parent=26409"}],"curies":[{"name":"wp","href":"https:\/\/api.w.org\/{rel}","templated":true}]}}